{"id":195,"date":"2024-09-12T10:41:08","date_gmt":"2024-09-12T10:41:08","guid":{"rendered":"https:\/\/icalugo.org\/?page_id=195"},"modified":"2025-10-18T18:59:08","modified_gmt":"2025-10-18T18:59:08","slug":"noticias","status":"publish","type":"page","link":"https:\/\/icalugo.org\/es\/noticias\/","title":{"rendered":"Noticias"},"content":{"rendered":"\t\t<div data-elementor-type=\"wp-page\" data-elementor-id=\"195\" class=\"elementor elementor-195\" data-elementor-post-type=\"page\">\n\t\t\t\t<div class=\"elementor-element elementor-element-52b43abf e-flex e-con-boxed e-con e-parent\" data-id=\"52b43abf\" data-element_type=\"container\" data-e-type=\"container\" data-settings=\"{&quot;background_background&quot;:&quot;classic&quot;}\">\n\t\t\t\t\t<div class=\"e-con-inner\">\n\t\t\t\t<div class=\"elementor-element elementor-element-128738c2 animated-slow elementor-invisible elementor-widget elementor-widget-heading\" data-id=\"128738c2\" data-element_type=\"widget\" data-e-type=\"widget\" data-settings=\"{&quot;_animation_delay&quot;:100,&quot;_animation&quot;:&quot;fadeInUp&quot;}\" data-widget_type=\"heading.default\">\n\t\t\t\t<div class=\"elementor-widget-container\">\n\t\t\t\t\t<h2 class=\"elementor-heading-title elementor-size-default\">Noticias de Inter\u00e9s<\/h2>\t\t\t\t<\/div>\n\t\t\t\t<\/div>\n\t\t\t\t<div class=\"elementor-element elementor-element-3f4d1994 elementor-widget-divider--view-line elementor-invisible elementor-widget elementor-widget-divider\" data-id=\"3f4d1994\" data-element_type=\"widget\" data-e-type=\"widget\" data-settings=\"{&quot;_animation&quot;:&quot;fadeIn&quot;,&quot;_animation_delay&quot;:200}\" data-widget_type=\"divider.default\">\n\t\t\t\t<div class=\"elementor-widget-container\">\n\t\t\t\t\t\t\t<div class=\"elementor-divider\">\n\t\t\t<span class=\"elementor-divider-separator\">\n\t\t\t\t\t\t<\/span>\n\t\t<\/div>\n\t\t\t\t\t\t<\/div>\n\t\t\t\t<\/div>\n\t\t\t\t\t<\/div>\n\t\t\t\t<\/div>\n\t\t<div class=\"elementor-element elementor-element-7fc94cdf e-flex e-con-boxed e-con e-parent\" data-id=\"7fc94cdf\" data-element_type=\"container\" data-e-type=\"container\" data-settings=\"{&quot;background_background&quot;:&quot;classic&quot;}\">\n\t\t\t\t\t<div class=\"e-con-inner\">\n\t\t\t\t<div class=\"elementor-element elementor-element-ccebbe9 elementor-posts--thumbnail-none elementor-grid-3 elementor-grid-tablet-2 elementor-grid-mobile-1 elementor-posts__hover-gradient elementor-widget elementor-widget-posts\" data-id=\"ccebbe9\" data-element_type=\"widget\" data-e-type=\"widget\" data-settings=\"{&quot;cards_row_gap&quot;:{&quot;unit&quot;:&quot;px&quot;,&quot;size&quot;:44,&quot;sizes&quot;:[]},&quot;pagination_type&quot;:&quot;numbers_and_prev_next&quot;,&quot;cards_columns&quot;:&quot;3&quot;,&quot;cards_columns_tablet&quot;:&quot;2&quot;,&quot;cards_columns_mobile&quot;:&quot;1&quot;,&quot;cards_row_gap_tablet&quot;:{&quot;unit&quot;:&quot;px&quot;,&quot;size&quot;:&quot;&quot;,&quot;sizes&quot;:[]},&quot;cards_row_gap_mobile&quot;:{&quot;unit&quot;:&quot;px&quot;,&quot;size&quot;:&quot;&quot;,&quot;sizes&quot;:[]}}\" data-widget_type=\"posts.cards\">\n\t\t\t\t<div class=\"elementor-widget-container\">\n\t\t\t\t\t\t\t<div class=\"elementor-posts-container elementor-posts elementor-posts--skin-cards elementor-grid\" role=\"list\">\n\t\t\t\t<article class=\"elementor-post elementor-grid-item post-5438 post type-post status-publish format-standard hentry category-noticias\" role=\"listitem\">\n\t\t\t<div class=\"elementor-post__card\">\n\t\t\t\t<div class=\"elementor-post__text\">\n\t\t\t\t<h3 class=\"elementor-post__title\">\n\t\t\t<a href=\"https:\/\/icalugo.org\/es\/invitacion-jornadas-juridicas-de-sarria\/\" >\n\t\t\t\tINVITACI\u00d3N JORNADAS JUR\u00cdDICAS DE SARRIA\t\t\t<\/a>\n\t\t<\/h3>\n\t\t\t\t<div class=\"elementor-post__excerpt\">\n\t\t\t<p>Estimado\/a Colegiado\/a: Por indicaci\u00f3n de la Comisi\u00f3n Organizadora, adjuntamos invitaci\u00f3n para el acto de inauguraci\u00f3n de las XIX Jornadas Jur\u00eddicas de Sarria, que tendr\u00e1 lugar el 3 de junio, a<\/p>\n\t\t<\/div>\n\t\t\t\t\t<div class=\"elementor-post__read-more-wrapper\">\n\t\t\n\t\t<a class=\"elementor-post__read-more\" href=\"https:\/\/icalugo.org\/es\/invitacion-jornadas-juridicas-de-sarria\/\" aria-label=\"M\u00e1s informaci\u00f3n sobre INVITACI\u00d3N JORNADAS JUR\u00cdDICAS DE SARRIA\" tabindex=\"-1\" >\n\t\t\tLeer m\u00e1s \u00bb\t\t<\/a>\n\n\t\t\t\t\t<\/div>\n\t\t\t\t<\/div>\n\t\t\t\t<div class=\"elementor-post__meta-data\">\n\t\t\t\t\t<span class=\"elementor-post-date\">\n\t\t\t29\/04\/2026\t\t<\/span>\n\t\t\t\t<\/div>\n\t\t\t\t\t<\/div>\n\t\t<\/article>\n\t\t\t\t<article class=\"elementor-post elementor-grid-item post-5372 post type-post status-publish format-standard hentry category-noticias\" role=\"listitem\">\n\t\t\t<div class=\"elementor-post__card\">\n\t\t\t\t<div class=\"elementor-post__text\">\n\t\t\t\t<h3 class=\"elementor-post__title\">\n\t\t\t<a href=\"https:\/\/icalugo.org\/es\/c-a-g-formacion-en-lina-7-de-maio-regularizacion-extranxeiria\/\" >\n\t\t\t\tC.A.G formaci\u00f3n en l\u00ednea 7 de mayo: Regularizaci\u00f3n extranjer\u00eda\t\t\t<\/a>\n\t\t<\/h3>\n\t\t\t\t<div class=\"elementor-post__excerpt\">\n\t\t\t<p>Estimado\/a Colegiado\/a: \u00a0Te informo de que el jueves 7 de mayo comenzar\u00e1 el siguiente programa de clases en l\u00ednea, organizado por el Consello da Avogac\u00eda Galega: La regularizaci\u00f3n extraordinaria del<\/p>\n\t\t<\/div>\n\t\t\t\t\t<div class=\"elementor-post__read-more-wrapper\">\n\t\t\n\t\t<a class=\"elementor-post__read-more\" href=\"https:\/\/icalugo.org\/es\/c-a-g-formacion-en-lina-7-de-maio-regularizacion-extranxeiria\/\" aria-label=\"M\u00e1s informaci\u00f3n sobre C.A.G formaci\u00f3n en l\u00ednea 7 de mayo: Regularizaci\u00f3n extranjer\u00eda\" tabindex=\"-1\" >\n\t\t\tLeer m\u00e1s \u00bb\t\t<\/a>\n\n\t\t\t\t\t<\/div>\n\t\t\t\t<\/div>\n\t\t\t\t<div class=\"elementor-post__meta-data\">\n\t\t\t\t\t<span class=\"elementor-post-date\">\n\t\t\t20\/04\/2026\t\t<\/span>\n\t\t\t\t<\/div>\n\t\t\t\t\t<\/div>\n\t\t<\/article>\n\t\t\t\t<article class=\"elementor-post elementor-grid-item post-5283 post type-post status-publish format-standard hentry category-noticias\" role=\"listitem\">\n\t\t\t<div class=\"elementor-post__card\">\n\t\t\t\t<div class=\"elementor-post__text\">\n\t\t\t\t<h3 class=\"elementor-post__title\">\n\t\t\t<a href=\"https:\/\/icalugo.org\/es\/iii-encuentro-nacional-de-secciones-colegiales-de-derecho-mercantil-y-concursal\/\" >\n\t\t\t\tIII ENCUENTRO NACIONAL DE SECCIONES COLEGIALES DE DERECHO MERCANTIL Y CONCURSAL\t\t\t<\/a>\n\t\t<\/h3>\n\t\t\t\t<div class=\"elementor-post__excerpt\">\n\t\t\t<p>Anexo a esta comunicaci\u00f3n se adjunta el programa del III Encuentro Nacional de Secciones Colegiales de Derecho Mercantil y Concursal, a celebrar en A Coru\u00f1a los pr\u00f3ximos d\u00edas 7 y<\/p>\n\t\t<\/div>\n\t\t\t\t\t<div class=\"elementor-post__read-more-wrapper\">\n\t\t\n\t\t<a class=\"elementor-post__read-more\" href=\"https:\/\/icalugo.org\/es\/iii-encuentro-nacional-de-secciones-colegiales-de-derecho-mercantil-y-concursal\/\" aria-label=\"M\u00e1s informaci\u00f3n sobre III ENCUENTRO NACIONAL DE SECCIONES COLEGIALES DE DERECHO MERCANTIL Y CONCURSAL\" tabindex=\"-1\" >\n\t\t\tLeer m\u00e1s \u00bb\t\t<\/a>\n\n\t\t\t\t\t<\/div>\n\t\t\t\t<\/div>\n\t\t\t\t<div class=\"elementor-post__meta-data\">\n\t\t\t\t\t<span class=\"elementor-post-date\">\n\t\t\t01\/04\/2026\t\t<\/span>\n\t\t\t\t<\/div>\n\t\t\t\t\t<\/div>\n\t\t<\/article>\n\t\t\t\t<article class=\"elementor-post elementor-grid-item post-5219 post type-post status-publish format-standard hentry category-noticias\" role=\"listitem\">\n\t\t\t<div class=\"elementor-post__card\">\n\t\t\t\t<div class=\"elementor-post__text\">\n\t\t\t\t<h3 class=\"elementor-post__title\">\n\t\t\t<a href=\"https:\/\/icalugo.org\/es\/manifiesto-por-la-igualdad-2026\/\" >\n\t\t\t\tMANIFIESTO POR LA IGUALDAD 2026\t\t\t<\/a>\n\t\t<\/h3>\n\t\t\t\t<div class=\"elementor-post__excerpt\">\n\t\t\t<p>Con motivo del D\u00eda Internacional de la Mujer (8M), os enviamos el Manifiesto de la Abogac\u00eda Espa\u00f1ola elaborado por la Comisi\u00f3n de Igualdad. Descargar aqu\u00ed. El documento tiene como objetivo<\/p>\n\t\t<\/div>\n\t\t\t\t\t<div class=\"elementor-post__read-more-wrapper\">\n\t\t\n\t\t<a class=\"elementor-post__read-more\" href=\"https:\/\/icalugo.org\/es\/manifiesto-por-la-igualdad-2026\/\" aria-label=\"M\u00e1s informaci\u00f3n sobre MANIFIESTO POR LA IGUALDAD 2026\" tabindex=\"-1\" >\n\t\t\tLeer m\u00e1s \u00bb\t\t<\/a>\n\n\t\t\t\t\t<\/div>\n\t\t\t\t<\/div>\n\t\t\t\t<div class=\"elementor-post__meta-data\">\n\t\t\t\t\t<span class=\"elementor-post-date\">\n\t\t\t06\/03\/2026\t\t<\/span>\n\t\t\t\t<\/div>\n\t\t\t\t\t<\/div>\n\t\t<\/article>\n\t\t\t\t<article class=\"elementor-post elementor-grid-item post-5212 post type-post status-publish format-standard hentry category-noticias\" role=\"listitem\">\n\t\t\t<div class=\"elementor-post__card\">\n\t\t\t\t<div class=\"elementor-post__text\">\n\t\t\t\t<h3 class=\"elementor-post__title\">\n\t\t\t<a href=\"https:\/\/icalugo.org\/es\/direccion-xeral-de-promocion-e-igualdade-da-conselleria-de-politica-social-e-igualdade-da-xunta-de-galicia-na-que-se-traslada-a-este-colexio-unha-iniciativa-destinada-a-dar-maior-visibilida\/\" >\n\t\t\t\tDirecci\u00f3n Xeral de Promoci\u00f3n e Igualdade da Conseller\u00eda de Pol\u00edtica Social e Igualdade da \u00a0Xunta de Galicia na que se traslada a este Colexio unha iniciativa destinada a\u00a0dar maior visibilidade \u00e1s mulleres profesionais de Galicia\t\t\t<\/a>\n\t\t<\/h3>\n\t\t\t\t<div class=\"elementor-post__excerpt\">\n\t\t\t<p>Enviamos a informaci\u00f3n recibida da Direcci\u00f3n Xeral de Promoci\u00f3n e Igualdade da Conseller\u00eda de Pol\u00edtica Social e Igualdade da &nbsp;Xunta de Galicia na que se traslada a este Colexio unha<\/p>\n\t\t<\/div>\n\t\t\t\t\t<div class=\"elementor-post__read-more-wrapper\">\n\t\t\n\t\t<a class=\"elementor-post__read-more\" href=\"https:\/\/icalugo.org\/es\/direccion-xeral-de-promocion-e-igualdade-da-conselleria-de-politica-social-e-igualdade-da-xunta-de-galicia-na-que-se-traslada-a-este-colexio-unha-iniciativa-destinada-a-dar-maior-visibilida\/\" aria-label=\"M\u00e1s informaci\u00f3n sobre Direcci\u00f3n Xeral de Promoci\u00f3n e Igualdade da Conseller\u00eda de Pol\u00edtica Social e Igualdade da \u00a0Xunta de Galicia na que se traslada a este Colexio unha iniciativa destinada a\u00a0dar maior visibilidade \u00e1s mulleres profesionais de Galicia\" tabindex=\"-1\" >\n\t\t\tLeer m\u00e1s \u00bb\t\t<\/a>\n\n\t\t\t\t\t<\/div>\n\t\t\t\t<\/div>\n\t\t\t\t<div class=\"elementor-post__meta-data\">\n\t\t\t\t\t<span class=\"elementor-post-date\">\n\t\t\t27\/02\/2026\t\t<\/span>\n\t\t\t\t<\/div>\n\t\t\t\t\t<\/div>\n\t\t<\/article>\n\t\t\t\t<article class=\"elementor-post elementor-grid-item post-5209 post type-post status-publish format-standard hentry category-noticias\" role=\"listitem\">\n\t\t\t<div class=\"elementor-post__card\">\n\t\t\t\t<div class=\"elementor-post__text\">\n\t\t\t\t<h3 class=\"elementor-post__title\">\n\t\t\t<a href=\"https:\/\/icalugo.org\/es\/convocatoria-junta-general-ordinaria-16-03-2026-a-las-1900-horas\/\" >\n\t\t\t\tCONVOCATORIA JUNTA GENERAL ORDINARIA &#8211; 16.03.2026 A LAS 19:00 HORAS\t\t\t<\/a>\n\t\t<\/h3>\n\t\t\t\t<div class=\"elementor-post__excerpt\">\n\t\t\t<p>Descarga aqu\u00ed.<\/p>\n\t\t<\/div>\n\t\t\t\t\t<div class=\"elementor-post__read-more-wrapper\">\n\t\t\n\t\t<a class=\"elementor-post__read-more\" href=\"https:\/\/icalugo.org\/es\/convocatoria-junta-general-ordinaria-16-03-2026-a-las-1900-horas\/\" aria-label=\"M\u00e1s informaci\u00f3n sobre CONVOCATORIA JUNTA GENERAL ORDINARIA &#8211; 16.03.2026 A LAS 19:00 HORAS\" tabindex=\"-1\" >\n\t\t\tLeer m\u00e1s \u00bb\t\t<\/a>\n\n\t\t\t\t\t<\/div>\n\t\t\t\t<\/div>\n\t\t\t\t<div class=\"elementor-post__meta-data\">\n\t\t\t\t\t<span class=\"elementor-post-date\">\n\t\t\t24\/02\/2026\t\t<\/span>\n\t\t\t\t<\/div>\n\t\t\t\t\t<\/div>\n\t\t<\/article>\n\t\t\t\t<\/div>\n\t\t\n\t\t\t\t<div class=\"e-load-more-anchor\" data-page=\"1\" data-max-page=\"3\" data-next-page=\"https:\/\/icalugo.org\/es\/wp-json\/wp\/v2\/pages\/195\/page\/2\/\"><\/div>\n\t\t\t\t<nav class=\"elementor-pagination\" aria-label=\"Paginaci\u00f3n\">\n\t\t\t<span class=\"page-numbers prev\">&laquo; Anterior<\/span>\n<span aria-current=\"page\" class=\"page-numbers current\"><span class=\"elementor-screen-only\">P\u00e1gina<\/span>1<\/span>\n<a class=\"page-numbers\" href=\"https:\/\/icalugo.org\/es\/wp-json\/wp\/v2\/pages\/195\/page\/2\/\"><span class=\"elementor-screen-only\">P\u00e1gina<\/span>2<\/a>\n<a class=\"page-numbers\" href=\"https:\/\/icalugo.org\/es\/wp-json\/wp\/v2\/pages\/195\/page\/3\/\"><span class=\"elementor-screen-only\">P\u00e1gina<\/span>3<\/a>\n<a class=\"page-numbers next\" href=\"https:\/\/icalugo.org\/es\/wp-json\/wp\/v2\/pages\/195\/page\/2\/\">Siguiente &raquo;<\/a>\t\t<\/nav>\n\t\t\t\t\t\t<\/div>\n\t\t\t\t<\/div>\n\t\t\t\t\t<\/div>\n\t\t\t\t<\/div>\n\t\t\t\t<\/div>\n\t\t","protected":false},"excerpt":{"rendered":"<p>Noticias de Inter\u00e9s<\/p>\n","protected":false},"author":5,"featured_media":0,"parent":0,"menu_order":0,"comment_status":"closed","ping_status":"closed","template":"elementor_header_footer","meta":{"footnotes":""},"class_list":["post-195","page","type-page","status-publish","hentry"],"_links":{"self":[{"href":"https:\/\/icalugo.org\/es\/wp-json\/wp\/v2\/pages\/195","targetHints":{"allow":["GET"]}}],"collection":[{"href":"https:\/\/icalugo.org\/es\/wp-json\/wp\/v2\/pages"}],"about":[{"href":"https:\/\/icalugo.org\/es\/wp-json\/wp\/v2\/types\/page"}],"author":[{"embeddable":true,"href":"https:\/\/icalugo.org\/es\/wp-json\/wp\/v2\/users\/5"}],"replies":[{"embeddable":true,"href":"https:\/\/icalugo.org\/es\/wp-json\/wp\/v2\/comments?post=195"}],"version-history":[{"count":16,"href":"https:\/\/icalugo.org\/es\/wp-json\/wp\/v2\/pages\/195\/revisions"}],"predecessor-version":[{"id":4026,"href":"https:\/\/icalugo.org\/es\/wp-json\/wp\/v2\/pages\/195\/revisions\/4026"}],"wp:attachment":[{"href":"https:\/\/icalugo.org\/es\/wp-json\/wp\/v2\/media?parent=195"}],"curies":[{"name":"wp","href":"https:\/\/api.w.org\/{rel}","templated":true}]}}